{"id":1244,"date":"2023-12-04T13:36:27","date_gmt":"2023-12-04T12:36:27","guid":{"rendered":"https:\/\/www.wortgewuenscht.de\/?page_id=1244"},"modified":"2023-12-04T13:47:42","modified_gmt":"2023-12-04T12:47:42","slug":"abschiedsgestaltung-und-trauerrede","status":"publish","type":"page","link":"https:\/\/www.wortgewuenscht.de\/?page_id=1244","title":{"rendered":"Abschiedsgestaltung und Trauerrede"},"content":{"rendered":"<div id=\"pl-1244\"  class=\"panel-layout\" ><div id=\"pg-1244-0\"  class=\"panel-grid panel-has-style\" ><div class=\"siteorigin-panels-stretch panel-row-style panel-row-style-for-1244-0\" data-stretch-type=\"full-stretched\" ><div id=\"pgc-1244-0-0\"  class=\"panel-grid-cell\" ><div id=\"panel-1244-0-0-0\" class=\"so-panel widget widget_sow-headline panel-first-child panel-last-child\" data-index=\"0\" ><div class=\"panel-widget-style panel-widget-style-for-1244-0-0-0\" ><div\n\t\t\t\n\t\t\tclass=\"so-widget-sow-headline so-widget-sow-headline-default-d6db24c2db75-1244\"\n\t\t\t\n\t\t><div class=\"sow-headline-container \">\n\t\t\t\t\t\t\t<h2 class=\"sow-headline\">\n\t\t\t\t\t\t\t\t\t\t\t\t\t<a href=\"https:\/\/www.wortgewuenscht.de\/?page_id=1012\" >\n\t\t\t\t\t\t\t\tFreie Trauungen<\/a>\t\t\t\t\t\t<\/h2>\n\t\t\t\t\t\t\t\t\t\t\t<div class=\"decoration\">\n\t\t\t\t\t\t<div class=\"decoration-inside\"><\/div>\n\t\t\t\t\t<\/div>\n\t\t\t\t\t<\/div>\n<\/div><\/div><\/div><\/div><div id=\"pgc-1244-0-1\"  class=\"panel-grid-cell\" ><div id=\"panel-1244-0-1-0\" class=\"so-panel widget widget_sow-headline panel-first-child panel-last-child\" data-index=\"1\" ><div class=\"panel-widget-style panel-widget-style-for-1244-0-1-0\" ><div\n\t\t\t\n\t\t\tclass=\"so-widget-sow-headline so-widget-sow-headline-default-d6db24c2db75-1244\"\n\t\t\t\n\t\t><div class=\"sow-headline-container \">\n\t\t\t\t\t\t\t<h2 class=\"sow-headline\">\n\t\t\t\t\t\t\t\t\t\t\t\t\t<a href=\"https:\/\/www.wortgewuenscht.de\/?page_id=1026\" >\n\t\t\t\t\t\t\t\tKinder Willkommensfeste<\/a>\t\t\t\t\t\t<\/h2>\n\t\t\t\t\t\t\t\t\t\t\t<div class=\"decoration\">\n\t\t\t\t\t\t<div class=\"decoration-inside\"><\/div>\n\t\t\t\t\t<\/div>\n\t\t\t\t\t<\/div>\n<\/div><\/div><\/div><\/div><div id=\"pgc-1244-0-2\"  class=\"panel-grid-cell\" ><div id=\"panel-1244-0-2-0\" class=\"so-panel widget widget_sow-headline panel-first-child panel-last-child\" data-index=\"2\" ><div class=\"panel-widget-style panel-widget-style-for-1244-0-2-0\" ><div\n\t\t\t\n\t\t\tclass=\"so-widget-sow-headline so-widget-sow-headline-default-d6db24c2db75-1244\"\n\t\t\t\n\t\t><div class=\"sow-headline-container \">\n\t\t\t\t\t\t\t<h2 class=\"sow-headline\">\n\t\t\t\t\t\t\t\t\t\t\t\t\t<a href=\"https:\/\/www.wortgewuenscht.de\/?page_id=1244\" >\n\t\t\t\t\t\t\t\tAbschiedsgestaltung und Trauerrede<\/a>\t\t\t\t\t\t<\/h2>\n\t\t\t\t\t\t\t\t\t\t\t<div class=\"decoration\">\n\t\t\t\t\t\t<div class=\"decoration-inside\"><\/div>\n\t\t\t\t\t<\/div>\n\t\t\t\t\t<\/div>\n<\/div><\/div><\/div><\/div><\/div><\/div><div id=\"pg-1244-1\"  class=\"panel-grid panel-has-style\" ><div class=\"siteorigin-panels-stretch panel-row-style panel-row-style-for-1244-1\" data-stretch-type=\"full-stretched\" ><div id=\"pgc-1244-1-0\"  class=\"panel-grid-cell\" ><div id=\"panel-1244-1-0-0\" class=\"so-panel widget widget_lsow-team-members panel-first-child panel-last-child\" data-index=\"3\" ><div\n\t\t\t\n\t\t\tclass=\"so-widget-lsow-team-members so-widget-lsow-team-members-style1-d75171398898-1244\"\n\t\t\t\n\t\t>\n<div class=\"lsow-team-members lsow-style1 lsow-grid-container  lsow-grid-desktop-1 lsow-grid-tablet-1 lsow-grid-mobile-1\"><div class=\"lsow-grid-item lsow-team-member-wrapper\"><div class=\"lsow-team-member \" ><div class=\"lsow-image-wrapper\"><img loading=\"lazy\" decoding=\"async\" width=\"720\" height=\"1061\" src=\"https:\/\/www.wortgewuenscht.de\/wp-content\/uploads\/2023\/12\/maren-768x1132.jpg\" class=\"lsow-image\" alt=\"\" srcset=\"https:\/\/www.wortgewuenscht.de\/wp-content\/uploads\/2023\/12\/maren-768x1132.jpg 768w, https:\/\/www.wortgewuenscht.de\/wp-content\/uploads\/2023\/12\/maren-204x300.jpg 204w, https:\/\/www.wortgewuenscht.de\/wp-content\/uploads\/2023\/12\/maren-695x1024.jpg 695w, https:\/\/www.wortgewuenscht.de\/wp-content\/uploads\/2023\/12\/maren.jpg 950w\" sizes=\"auto, (max-width: 720px) 100vw, 720px\" \/><div class=\"lsow-social-wrap\"><div class=\"lsow-social-list\"><div class=\"lsow-social-list-item\"><a class=\"lsow-email\" href=\"mailto:maren.heidrich@wortgewuenscht.de\" title=\"Send an email\"><i class=\"lsow-icon-email\"><\/i><\/a><\/div><\/div><!-- .lsow-social-list --><\/div><!-- .lsow-social-wrap --><\/div><!-- .lsow-image-wrapper --><div class=\"lsow-team-member-text\"><h3 class=\"lsow-title\">Maren Heidrich<\/h3><div class=\"lsow-team-member-position\">Phone +49 175 213 542 9<\/div><div class=\"lsow-team-member-details\"><\/div><\/div><!-- .lsow-team-member-text --><\/div><!-- .lsow-team-member --><\/div><!-- .lsow-team-member-wrapper --><\/div><!-- .lsow-team-members --><div class=\"lsow-clear\"><\/div><\/div><\/div><\/div><div id=\"pgc-1244-1-1\"  class=\"panel-grid-cell\" ><div id=\"panel-1244-1-1-0\" class=\"so-panel widget widget_sow-headline panel-first-child\" data-index=\"4\" ><div class=\"panel-widget-style panel-widget-style-for-1244-1-1-0\" ><div\n\t\t\t\n\t\t\tclass=\"so-widget-sow-headline so-widget-sow-headline-default-ea9b72cf6712-1244 so-widget-fittext-wrapper\"\n\t\t\t data-fit-text-compressor=\"0.85\"\n\t\t><div class=\"sow-headline-container \">\n\t\t\t\t\t\t\t<h1 class=\"sow-headline\">\n\t\t\t\t\t\t<strong>... Abschiedsgestaltung &amp; Trauerrede<\/strong>\t\t\t\t\t\t<\/h1>\n\t\t\t\t\t\t\t\t\t\t\t\t<h3 class=\"sow-sub-headline\">\n\t\t\t\t\t\tFreie Reden\t\t\t\t\t\t<\/h3>\n\t\t\t\t\t\t<\/div>\n<\/div><\/div><\/div><div id=\"panel-1244-1-1-1\" class=\"so-panel widget widget_sow-editor\" data-index=\"5\" ><div class=\"panel-widget-style panel-widget-style-for-1244-1-1-1\" ><div\n\t\t\t\n\t\t\tclass=\"so-widget-sow-editor so-widget-sow-editor-base\"\n\t\t\t\n\t\t>\n<div class=\"siteorigin-widget-tinymce textwidget\">\n\t<h2>&nbsp;<\/h2>\n<h2><em><span style=\"color: #b7c2b4;\">\"Meine Trauerreden sind eher Lebensreden. Das Ziel dabei ist, das Leben der Person so detailliert und strahlend wie m\u00f6glich in Worte zu fassen. Hier soll deutlich werden, was f\u00fcr ein Mensch der\/die Verstorbene war und soll das Leben in allen Facetten zeigen.<\/span><\/em><\/h2>\n<h2><em><span style=\"color: #b7c2b4;\">Ohne Textbausteine werde ich eine Rede gestalten, die den Menschen ehrt und die Hinterbliebenen nochmal positiv zur\u00fcckblicken l\u00e4sst. Ich begleite Sie bei der Vorbereitung und Durchf\u00fchrung der Trauerfeier und gestalte eine individuelle Rede, bei der auch mal gel\u00e4chelt werden darf.<\/span><\/em><\/h2>\n<h2><em><span style=\"color: #b7c2b4;\">Ihre pers\u00f6nlichen W\u00fcnsche setze ich aktiv um wenn sie das w\u00fcnschen, binden wir gemeinsam Trauerrituale und symbolische Handlungen ein.\u201c<\/span><\/em><em style=\"font-size: 16px;\"><span style=\"color: #b7c2b4;\">&nbsp;<\/span><\/em><\/h2>\n<\/div>\n<\/div><\/div><\/div><div id=\"panel-1244-1-1-2\" class=\"so-panel widget widget_lsow-team-members panel-last-child\" data-index=\"6\" ><div\n\t\t\t\n\t\t\tclass=\"so-widget-lsow-team-members so-widget-lsow-team-members-style1-d75171398898-1244\"\n\t\t\t\n\t\t>\n<div class=\"lsow-team-members lsow-style1 lsow-grid-container  lsow-grid-desktop-1 lsow-grid-tablet-1 lsow-grid-mobile-1\"><div class=\"lsow-grid-item lsow-team-member-wrapper\"><div class=\"lsow-team-member  lsow-animate-on-scroll lsow-visible-on-scroll\"  data-animation=\"fadeInLeft\"><div class=\"lsow-image-wrapper\"><img loading=\"lazy\" decoding=\"async\" width=\"436\" height=\"272\" src=\"https:\/\/www.wortgewuenscht.de\/wp-content\/uploads\/2023\/05\/iconjpg_logo_b7c2b4_neu-436x272.jpg\" class=\"lsow-image\" alt=\"\" \/><div class=\"lsow-social-wrap\"><div class=\"lsow-social-list\"><\/div><!-- .lsow-social-list --><\/div><!-- .lsow-social-wrap --><\/div><!-- .lsow-image-wrapper --><div class=\"lsow-team-member-text\"><h3 class=\"lsow-title\"><\/h3><div class=\"lsow-team-member-position\"><\/div><div class=\"lsow-team-member-details\"><\/div><\/div><!-- .lsow-team-member-text --><\/div><!-- .lsow-team-member --><\/div><!-- .lsow-team-member-wrapper --><\/div><!-- .lsow-team-members --><div class=\"lsow-clear\"><\/div><\/div><\/div><\/div><div id=\"pgc-1244-1-2\"  class=\"panel-grid-cell\" ><div id=\"panel-1244-1-2-0\" class=\"so-panel widget widget_sow-headline panel-first-child\" data-index=\"7\" ><div class=\"panel-widget-style panel-widget-style-for-1244-1-2-0\" ><div\n\t\t\t\n\t\t\tclass=\"so-widget-sow-headline so-widget-sow-headline-default-ea9b72cf6712-1244 so-widget-fittext-wrapper\"\n\t\t\t data-fit-text-compressor=\"0.85\"\n\t\t><div class=\"sow-headline-container \">\n\t\t\t\t\t\t\t<h1 class=\"sow-headline\">\n\t\t\t\t\t\t<strong>Wortgew\u00fcnscht ...<\/strong>\t\t\t\t\t\t<\/h1>\n\t\t\t\t\t\t\t\t\t\t\t\t<h3 class=\"sow-sub-headline\">\n\t\t\t\t\t\tDer Ablauf ist folgender:\t\t\t\t\t\t<\/h3>\n\t\t\t\t\t\t<\/div>\n<\/div><\/div><\/div><div id=\"panel-1244-1-2-1\" class=\"so-panel widget widget_sow-editor\" data-index=\"8\" ><div\n\t\t\t\n\t\t\tclass=\"so-widget-sow-editor so-widget-sow-editor-base\"\n\t\t\t\n\t\t>\n<div class=\"siteorigin-widget-tinymce textwidget\">\n\t<ul>\n<li>\n<h5>Ihr nehmt Kontakt zu mir auf und wir besprechen, was ihr euch vorstellt und was mitgeteilt werden soll.<\/h5>\n<\/li>\n<li>\n<h5>Wir besprechen welchen Redeanteil ich haben soll<\/h5>\n<\/li>\n<li>\n<h5>und\/oder ob ich euch nur bei dem was gesagt werden soll behilflich sein soll.<\/h5>\n<\/li>\n<li>\n<h5>Wir f\u00fchren ein ausf\u00fchrliches Detailgespr\u00e4ch und besprechen Rituale und den Einbezug der Personen.<\/h5>\n<\/li>\n<li>\n<h5>Bitte nicht vergessen, dass das Angebot immer eine G\u00fcltigkeit von einer Woche hat, und dass ohne Vertrag und Auftragsbest\u00e4tigung der Wunschtermin nicht zugesichert wird.<\/h5>\n<\/li>\n<\/ul>\n<\/div>\n<\/div><\/div><div id=\"panel-1244-1-2-2\" class=\"so-panel widget widget_sow-button panel-last-child\" data-index=\"9\" ><div\n\t\t\t\n\t\t\tclass=\"so-widget-sow-button so-widget-sow-button-atom-d960d795d10c-1244\"\n\t\t\t\n\t\t><div class=\"ow-button-base ow-button-align-center\">\n\t<a\n\thref=\"https:\/\/www.wortgewuenscht.de\/?page_id=785\"\n\t\tclass=\"ow-icon-placement-top ow-button-hover\" \t>\n\t\t<span>\n\t\t\t\n\t\t\tDirektanfrage\t\t<\/span>\n\t<\/a>\n<\/div>\n<\/div><\/div><\/div><\/div><\/div><\/div>","protected":false},"excerpt":{"rendered":"<p>&nbsp; &#8222;Meine Trauerreden sind eher Lebensreden. Das Ziel dabei ist, das Leben der Person so detailliert und strahlend wie m\u00f6glich in Worte zu fassen. Hier soll deutlich werden, was f\u00fcr ein Mensch der\/die Verstorbene war und soll das Leben in allen Facetten zeigen. Ohne Textbausteine werde ich eine Rede gestalten, die den Menschen ehrt und [&hellip;]<\/p>\n","protected":false},"author":1,"featured_media":0,"parent":384,"menu_order":0,"comment_status":"closed","ping_status":"closed","template":"home-panels.php","meta":{"ngg_post_thumbnail":0,"footnotes":""},"class_list":["post-1244","page","type-page","status-publish","hentry","post"],"_links":{"self":[{"href":"https:\/\/www.wortgewuenscht.de\/index.php?rest_route=\/wp\/v2\/pages\/1244","targetHints":{"allow":["GET"]}}],"collection":[{"href":"https:\/\/www.wortgewuenscht.de\/index.php?rest_route=\/wp\/v2\/pages"}],"about":[{"href":"https:\/\/www.wortgewuenscht.de\/index.php?rest_route=\/wp\/v2\/types\/page"}],"author":[{"embeddable":true,"href":"https:\/\/www.wortgewuenscht.de\/index.php?rest_route=\/wp\/v2\/users\/1"}],"replies":[{"embeddable":true,"href":"https:\/\/www.wortgewuenscht.de\/index.php?rest_route=%2Fwp%2Fv2%2Fcomments&post=1244"}],"version-history":[{"count":4,"href":"https:\/\/www.wortgewuenscht.de\/index.php?rest_route=\/wp\/v2\/pages\/1244\/revisions"}],"predecessor-version":[{"id":1254,"href":"https:\/\/www.wortgewuenscht.de\/index.php?rest_route=\/wp\/v2\/pages\/1244\/revisions\/1254"}],"up":[{"embeddable":true,"href":"https:\/\/www.wortgewuenscht.de\/index.php?rest_route=\/wp\/v2\/pages\/384"}],"wp:attachment":[{"href":"https:\/\/www.wortgewuenscht.de\/index.php?rest_route=%2Fwp%2Fv2%2Fmedia&parent=1244"}],"curies":[{"name":"wp","href":"https:\/\/api.w.org\/{rel}","templated":true}]}}